{"version":"1.0","provider_name":"Glut\u00e9nmentes Chef blog - \u00c1tol Tibor","provider_url":"http:\/\/blog.glutenmenteschef.hu","author_name":"gmchef","author_url":"http:\/\/blog.glutenmenteschef.hu\/index.php\/author\/gmchef\/","title":"T\u00daR\u00d3S POG\u00c1CSA GLUT\u00c9NMENTESEN &#8211; Glut\u00e9nmentes Chef blog - \u00c1tol Tibor","type":"rich","width":600,"height":338,"html":"<blockquote class=\"wp-embedded-content\" data-secret=\"PTGlUVmgXI\"><a href=\"http:\/\/blog.glutenmenteschef.hu\/index.php\/2022\/03\/23\/turos-pogacsa-glutenmentesen\/\">T\u00daR\u00d3S POG\u00c1CSA GLUT\u00c9NMENTESEN<\/a><\/blockquote><iframe sandbox=\"allow-scripts\" security=\"restricted\" src=\"http:\/\/blog.glutenmenteschef.hu\/index.php\/2022\/03\/23\/turos-pogacsa-glutenmentesen\/embed\/#?secret=PTGlUVmgXI\" width=\"600\" height=\"338\" title=\"&#8220;T\u00daR\u00d3S POG\u00c1CSA GLUT\u00c9NMENTESEN&#8221; &#8212; Glut\u00e9nmentes Chef blog - \u00c1tol Tibor\" data-secret=\"PTGlUVmgXI\" frameborder=\"0\" marginwidth=\"0\" marginheight=\"0\" scrolling=\"no\" class=\"wp-embedded-content\"><\/iframe><script type=\"text\/javascript\">\n\/* <![CDATA[ *\/\n\/*! This file is auto-generated *\/\n!function(d,l){\"use strict\";l.querySelector&&d.addEventListener&&\"undefined\"!=typeof URL&&(d.wp=d.wp||{},d.wp.receiveEmbedMessage||(d.wp.receiveEmbedMessage=function(e){var t=e.data;if((t||t.secret||t.message||t.value)&&!\/[^a-zA-Z0-9]\/.test(t.secret)){for(var s,r,n,a=l.querySelectorAll('iframe[data-secret=\"'+t.secret+'\"]'),o=l.querySelectorAll('blockquote[data-secret=\"'+t.secret+'\"]'),c=new RegExp(\"^https?:$\",\"i\"),i=0;i<o.length;i++)o[i].style.display=\"none\";for(i=0;i<a.length;i++)s=a[i],e.source===s.contentWindow&&(s.removeAttribute(\"style\"),\"height\"===t.message?(1e3<(r=parseInt(t.value,10))?r=1e3:~~r<200&&(r=200),s.height=r):\"link\"===t.message&&(r=new URL(s.getAttribute(\"src\")),n=new URL(t.value),c.test(n.protocol))&&n.host===r.host&&l.activeElement===s&&(d.top.location.href=t.value))}},d.addEventListener(\"message\",d.wp.receiveEmbedMessage,!1),l.addEventListener(\"DOMContentLoaded\",function(){for(var e,t,s=l.querySelectorAll(\"iframe.wp-embedded-content\"),r=0;r<s.length;r++)(t=(e=s[r]).getAttribute(\"data-secret\"))||(t=Math.random().toString(36).substring(2,12),e.src+=\"#?secret=\"+t,e.setAttribute(\"data-secret\",t)),e.contentWindow.postMessage({message:\"ready\",secret:t},\"*\")},!1)))}(window,document);\n\/\/# sourceURL=http:\/\/blog.glutenmenteschef.hu\/wp-includes\/js\/wp-embed.min.js\n\/* ]]> *\/\n<\/script>\n","thumbnail_url":"http:\/\/blog.glutenmenteschef.hu\/wp-content\/uploads\/2022\/03\/Turos-pogacsa-glutenmentesen-19.jpg","thumbnail_width":1024,"thumbnail_height":768,"description":"Az elm\u00falt napokban t\u00f6bbsz\u00f6r is szembe j\u00f6tt velem ennek a pog\u00e1csareceptnek a b\u00fazalisztes v\u00e1ltozata. V\u00e9g\u00fcl k\u00edv\u00e1ncsiv\u00e1 tett \u00e9s elk\u00e9sz\u00edtettem a glut\u00e9nmentes verzi\u00f3j\u00e1t, aminek r\u00f6gt\u00f6n toj\u00e1smentes is a t\u00e9szt\u00e1ja.4 hozz\u00e1val\u00f3b\u00f3l k\u00f6nnyen \u00e9s nagyj\u00e1b\u00f3l f\u00e9l \u00f3ra alatt megvan ez a vend\u00e9gv\u00e1r\u00f3 apr\u00f3 s\u00fctem\u00e9ny.A t\u00e9szt\u00e1j\u00e1t nevezhetj\u00fck egyens\u00falyt\u00e9szt\u00e1nak is az ar\u00e1nyai miatt. Megs\u00fctve puha \u00e9s oml\u00f3s. Se \u00e9leszt\u0151, se s\u00fct\u0151por nem kell bele \u00e9s err\u0151l senki nem fogja megmondani, hogy toj\u00e1s- \u00e9s glut\u00e9nmentes. Ha nem akarunk, a form\u00e1z\u00e1ssal sem kell bajl\u00f3dni, csak felkock\u00e1zzuk vagy cs\u00edkozzuk \u00e9s mehet a s\u00fct\u0151be."}