{"version":"1.0","provider_name":"Glut\u00e9nmentes Chef blog - \u00c1tol Tibor","provider_url":"http:\/\/blog.glutenmenteschef.hu","author_name":"gmchef","author_url":"http:\/\/blog.glutenmenteschef.hu\/index.php\/author\/gmchef\/","title":"F\u00c1NK ALFA-MIX LISZTB\u0150L GLUT\u00c9NMENTESEN &#8211; Glut\u00e9nmentes Chef blog - \u00c1tol Tibor","type":"rich","width":600,"height":338,"html":"<blockquote class=\"wp-embedded-content\" data-secret=\"qohCnVA9k6\"><a href=\"http:\/\/blog.glutenmenteschef.hu\/index.php\/2019\/09\/29\/fank-alfa-mix-lisztbol-glutenmentesen\/\">F\u00c1NK ALFA-MIX LISZTB\u0150L GLUT\u00c9NMENTESEN<\/a><\/blockquote><iframe sandbox=\"allow-scripts\" security=\"restricted\" src=\"http:\/\/blog.glutenmenteschef.hu\/index.php\/2019\/09\/29\/fank-alfa-mix-lisztbol-glutenmentesen\/embed\/#?secret=qohCnVA9k6\" width=\"600\" height=\"338\" title=\"&#8220;F\u00c1NK ALFA-MIX LISZTB\u0150L GLUT\u00c9NMENTESEN&#8221; &#8212; Glut\u00e9nmentes Chef blog - \u00c1tol Tibor\" data-secret=\"qohCnVA9k6\" frameborder=\"0\" marginwidth=\"0\" marginheight=\"0\" scrolling=\"no\" class=\"wp-embedded-content\"><\/iframe><script type=\"text\/javascript\">\n\/* <![CDATA[ *\/\n\/*! This file is auto-generated *\/\n!function(d,l){\"use strict\";l.querySelector&&d.addEventListener&&\"undefined\"!=typeof URL&&(d.wp=d.wp||{},d.wp.receiveEmbedMessage||(d.wp.receiveEmbedMessage=function(e){var t=e.data;if((t||t.secret||t.message||t.value)&&!\/[^a-zA-Z0-9]\/.test(t.secret)){for(var s,r,n,a=l.querySelectorAll('iframe[data-secret=\"'+t.secret+'\"]'),o=l.querySelectorAll('blockquote[data-secret=\"'+t.secret+'\"]'),c=new RegExp(\"^https?:$\",\"i\"),i=0;i<o.length;i++)o[i].style.display=\"none\";for(i=0;i<a.length;i++)s=a[i],e.source===s.contentWindow&&(s.removeAttribute(\"style\"),\"height\"===t.message?(1e3<(r=parseInt(t.value,10))?r=1e3:~~r<200&&(r=200),s.height=r):\"link\"===t.message&&(r=new URL(s.getAttribute(\"src\")),n=new URL(t.value),c.test(n.protocol))&&n.host===r.host&&l.activeElement===s&&(d.top.location.href=t.value))}},d.addEventListener(\"message\",d.wp.receiveEmbedMessage,!1),l.addEventListener(\"DOMContentLoaded\",function(){for(var e,t,s=l.querySelectorAll(\"iframe.wp-embedded-content\"),r=0;r<s.length;r++)(t=(e=s[r]).getAttribute(\"data-secret\"))||(t=Math.random().toString(36).substring(2,12),e.src+=\"#?secret=\"+t,e.setAttribute(\"data-secret\",t)),e.contentWindow.postMessage({message:\"ready\",secret:t},\"*\")},!1)))}(window,document);\n\/\/# sourceURL=http:\/\/blog.glutenmenteschef.hu\/wp-includes\/js\/wp-embed.min.js\n\/* ]]> *\/\n<\/script>\n","thumbnail_url":"http:\/\/blog.glutenmenteschef.hu\/wp-content\/uploads\/2019\/09\/Fank-Alfamix-24.jpg","thumbnail_width":1024,"thumbnail_height":768,"description":"F\u00e1nk Alfa-mix lisztb\u0151l glut\u00e9nmentesen A recept n\u00f6v\u00e9nyi tejjel, n\u00f6v\u00e9nyi \/ \u00e1llati eredet\u0171 zsirad\u00e9kkal is elk\u00e9sz\u00edthet\u0151! Gyakran kapok visszajelz\u00e9seket, hogy az \u00e1ltalam kidolgozott recepteket m\u00e1s lisztkever\u00e9kkel is sikerrel k\u00e9sz\u00edtett\u00e9k el. K\u00edv\u00e1ncsi voltam, hogy val\u00f3ban 1:1-ben kicser\u00e9lhet\u0151k-e a lisztek, de legink\u00e1bb, hogy a v\u00e9geredm\u00e9ny is azonos-e. \u00cdgy a v\u00e1laszt\u00e1som az egyik legk\u00f6nnyebben beszerezhet\u0151 \u00e9s egyben az egyik Read more..."}