{"version":"1.0","provider_name":"Glut\u00e9nmentes Chef blog - \u00c1tol Tibor","provider_url":"http:\/\/blog.glutenmenteschef.hu","author_name":"gmchef","author_url":"http:\/\/blog.glutenmenteschef.hu\/index.php\/author\/gmchef\/","title":"DI\u00d3TORTA FEH\u00c9R CSOKIKR\u00c9MMEL GLUT\u00c9NMENTESEN &#8211; Glut\u00e9nmentes Chef blog - \u00c1tol Tibor","type":"rich","width":600,"height":338,"html":"<blockquote class=\"wp-embedded-content\" data-secret=\"16wbaTF4kF\"><a href=\"http:\/\/blog.glutenmenteschef.hu\/index.php\/2019\/01\/04\/diotorta-feher-csokikremmel-glutenmentesen\/\">DI\u00d3TORTA FEH\u00c9R CSOKIKR\u00c9MMEL GLUT\u00c9NMENTESEN<\/a><\/blockquote><iframe sandbox=\"allow-scripts\" security=\"restricted\" src=\"http:\/\/blog.glutenmenteschef.hu\/index.php\/2019\/01\/04\/diotorta-feher-csokikremmel-glutenmentesen\/embed\/#?secret=16wbaTF4kF\" width=\"600\" height=\"338\" title=\"&#8220;DI\u00d3TORTA FEH\u00c9R CSOKIKR\u00c9MMEL GLUT\u00c9NMENTESEN&#8221; &#8212; Glut\u00e9nmentes Chef blog - \u00c1tol Tibor\" data-secret=\"16wbaTF4kF\" frameborder=\"0\" marginwidth=\"0\" marginheight=\"0\" scrolling=\"no\" class=\"wp-embedded-content\"><\/iframe><script type=\"text\/javascript\">\n\/* <![CDATA[ *\/\n\/*! This file is auto-generated *\/\n!function(d,l){\"use strict\";l.querySelector&&d.addEventListener&&\"undefined\"!=typeof URL&&(d.wp=d.wp||{},d.wp.receiveEmbedMessage||(d.wp.receiveEmbedMessage=function(e){var t=e.data;if((t||t.secret||t.message||t.value)&&!\/[^a-zA-Z0-9]\/.test(t.secret)){for(var s,r,n,a=l.querySelectorAll('iframe[data-secret=\"'+t.secret+'\"]'),o=l.querySelectorAll('blockquote[data-secret=\"'+t.secret+'\"]'),c=new RegExp(\"^https?:$\",\"i\"),i=0;i<o.length;i++)o[i].style.display=\"none\";for(i=0;i<a.length;i++)s=a[i],e.source===s.contentWindow&&(s.removeAttribute(\"style\"),\"height\"===t.message?(1e3<(r=parseInt(t.value,10))?r=1e3:~~r<200&&(r=200),s.height=r):\"link\"===t.message&&(r=new URL(s.getAttribute(\"src\")),n=new URL(t.value),c.test(n.protocol))&&n.host===r.host&&l.activeElement===s&&(d.top.location.href=t.value))}},d.addEventListener(\"message\",d.wp.receiveEmbedMessage,!1),l.addEventListener(\"DOMContentLoaded\",function(){for(var e,t,s=l.querySelectorAll(\"iframe.wp-embedded-content\"),r=0;r<s.length;r++)(t=(e=s[r]).getAttribute(\"data-secret\"))||(t=Math.random().toString(36).substring(2,12),e.src+=\"#?secret=\"+t,e.setAttribute(\"data-secret\",t)),e.contentWindow.postMessage({message:\"ready\",secret:t},\"*\")},!1)))}(window,document);\n\/\/# sourceURL=http:\/\/blog.glutenmenteschef.hu\/wp-includes\/js\/wp-embed.min.js\n\/* ]]> *\/\n<\/script>\n","thumbnail_url":"http:\/\/blog.glutenmenteschef.hu\/wp-content\/uploads\/2018\/12\/diotarta3.jpg","thumbnail_width":1024,"thumbnail_height":768,"description":"Di\u00f3torta feh\u00e9r csokikr\u00e9mmel glut\u00e9nmentesen A torta elk\u00e9sz\u00edt\u00e9s\u00e9t a kr\u00e9mmel kezdj\u00fck. Feh\u00e9r csoki kr\u00e9m750 ml habtejsz\u00edn400 g feh\u00e9r csoki 250 g dar\u00e1lt di\u00f310 ml van\u00edlia kivonat A habtejsz\u00ednt forr\u00e1spontig meleg\u00edtj\u00fck, majd a t\u0171zr\u0151l levessz\u00fck \u00e9s egy t\u00e1lban az apr\u00f3ra t\u00f6rt feh\u00e9r csokol\u00e1d\u00e9ra csorgatjuk folyamatos kever\u00e9s mellett. A csoki felolvad\u00e1sa ut\u00e1n is m\u00e9g 2 percig kevergetj\u00fck. Szoba Read more..."}