{"version":"1.0","provider_name":"Glut\u00e9nmentes Chef blog - \u00c1tol Tibor","provider_url":"http:\/\/blog.glutenmenteschef.hu","author_name":"gmchef","author_url":"http:\/\/blog.glutenmenteschef.hu\/index.php\/author\/gmchef\/","title":"RIG\u00d3 JANCSI GLUT\u00c9NMENTESEN &#8211; Glut\u00e9nmentes Chef blog - \u00c1tol Tibor","type":"rich","width":600,"height":338,"html":"<blockquote class=\"wp-embedded-content\" data-secret=\"WXuUhZNGNZ\"><a href=\"http:\/\/blog.glutenmenteschef.hu\/index.php\/2017\/10\/15\/rigo-jancsi-glutenmentesen\/\">RIG\u00d3 JANCSI GLUT\u00c9NMENTESEN<\/a><\/blockquote><iframe sandbox=\"allow-scripts\" security=\"restricted\" src=\"http:\/\/blog.glutenmenteschef.hu\/index.php\/2017\/10\/15\/rigo-jancsi-glutenmentesen\/embed\/#?secret=WXuUhZNGNZ\" width=\"600\" height=\"338\" title=\"&#8220;RIG\u00d3 JANCSI GLUT\u00c9NMENTESEN&#8221; &#8212; Glut\u00e9nmentes Chef blog - \u00c1tol Tibor\" data-secret=\"WXuUhZNGNZ\" frameborder=\"0\" marginwidth=\"0\" marginheight=\"0\" scrolling=\"no\" class=\"wp-embedded-content\"><\/iframe><script type=\"text\/javascript\">\n\/* <![CDATA[ *\/\n\/*! This file is auto-generated *\/\n!function(d,l){\"use strict\";l.querySelector&&d.addEventListener&&\"undefined\"!=typeof URL&&(d.wp=d.wp||{},d.wp.receiveEmbedMessage||(d.wp.receiveEmbedMessage=function(e){var t=e.data;if((t||t.secret||t.message||t.value)&&!\/[^a-zA-Z0-9]\/.test(t.secret)){for(var s,r,n,a=l.querySelectorAll('iframe[data-secret=\"'+t.secret+'\"]'),o=l.querySelectorAll('blockquote[data-secret=\"'+t.secret+'\"]'),c=new RegExp(\"^https?:$\",\"i\"),i=0;i<o.length;i++)o[i].style.display=\"none\";for(i=0;i<a.length;i++)s=a[i],e.source===s.contentWindow&&(s.removeAttribute(\"style\"),\"height\"===t.message?(1e3<(r=parseInt(t.value,10))?r=1e3:~~r<200&&(r=200),s.height=r):\"link\"===t.message&&(r=new URL(s.getAttribute(\"src\")),n=new URL(t.value),c.test(n.protocol))&&n.host===r.host&&l.activeElement===s&&(d.top.location.href=t.value))}},d.addEventListener(\"message\",d.wp.receiveEmbedMessage,!1),l.addEventListener(\"DOMContentLoaded\",function(){for(var e,t,s=l.querySelectorAll(\"iframe.wp-embedded-content\"),r=0;r<s.length;r++)(t=(e=s[r]).getAttribute(\"data-secret\"))||(t=Math.random().toString(36).substring(2,12),e.src+=\"#?secret=\"+t,e.setAttribute(\"data-secret\",t)),e.contentWindow.postMessage({message:\"ready\",secret:t},\"*\")},!1)))}(window,document);\n\/\/# sourceURL=http:\/\/blog.glutenmenteschef.hu\/wp-includes\/js\/wp-embed.min.js\n\/* ]]> *\/\n<\/script>\n","thumbnail_url":"http:\/\/blog.glutenmenteschef.hu\/wp-content\/uploads\/2017\/10\/Rigo-Jancsi-2-1-768x576.jpg","thumbnail_width":600,"thumbnail_height":450,"description":"Nagy kedvencem, Rig\u00f3 Jancsi, \u00edgy csak term\u00e9szetes, hogy glut\u00e9nmentes receptem is legyen hozz\u00e1. Ha k\u00e9sz\u00edtem, akkor csak is \u00fagy, ahogy a \"nagy k\u00f6nyvben\" meg van \u00edrva. Ez a glut\u00e9nmentesen verzi\u00f3 teljes m\u00e9rt\u00e9kben versenyk\u00e9pes az eredeti, b\u00fazalisztessel.Mivel hungarikum, \u00edgy ( f\u00e9lig-meddig ) v\u00e9dett recept. A glut\u00e9nmentess\u00e9g miatt annyit v\u00e1ltoztattam rajta, hogy a pisk\u00f3ta rizsliszttel k\u00e9sz\u00fclt, minden m\u00e1s a cukr\u00e1szsz\u00f6vets\u00e9gi le\u00edr\u00e1s alapj\u00e1n van."}