{"version":"1.0","provider_name":"Glut\u00e9nmentes Chef blog - \u00c1tol Tibor","provider_url":"http:\/\/blog.glutenmenteschef.hu","author_name":"gmchef","author_url":"http:\/\/blog.glutenmenteschef.hu\/index.php\/author\/gmchef\/","title":"PITE \u00c9S LINZERKARIKA TEFF S\u00dcTEM\u00c9NYLISZTB\u0150L &#8211; Glut\u00e9nmentes Chef blog - \u00c1tol Tibor","type":"rich","width":600,"height":338,"html":"<blockquote class=\"wp-embedded-content\" data-secret=\"qTTzUXOgjm\"><a href=\"http:\/\/blog.glutenmenteschef.hu\/index.php\/2017\/06\/18\/pite-es-linzerkarika-teff-sutemenylisztbol\/\">PITE \u00c9S LINZERKARIKA TEFF S\u00dcTEM\u00c9NYLISZTB\u0150L<\/a><\/blockquote><iframe sandbox=\"allow-scripts\" security=\"restricted\" src=\"http:\/\/blog.glutenmenteschef.hu\/index.php\/2017\/06\/18\/pite-es-linzerkarika-teff-sutemenylisztbol\/embed\/#?secret=qTTzUXOgjm\" width=\"600\" height=\"338\" title=\"&#8220;PITE \u00c9S LINZERKARIKA TEFF S\u00dcTEM\u00c9NYLISZTB\u0150L&#8221; &#8212; Glut\u00e9nmentes Chef blog - \u00c1tol Tibor\" data-secret=\"qTTzUXOgjm\" frameborder=\"0\" marginwidth=\"0\" marginheight=\"0\" scrolling=\"no\" class=\"wp-embedded-content\"><\/iframe><script type=\"text\/javascript\">\n\/* <![CDATA[ *\/\n\/*! This file is auto-generated *\/\n!function(d,l){\"use strict\";l.querySelector&&d.addEventListener&&\"undefined\"!=typeof URL&&(d.wp=d.wp||{},d.wp.receiveEmbedMessage||(d.wp.receiveEmbedMessage=function(e){var t=e.data;if((t||t.secret||t.message||t.value)&&!\/[^a-zA-Z0-9]\/.test(t.secret)){for(var s,r,n,a=l.querySelectorAll('iframe[data-secret=\"'+t.secret+'\"]'),o=l.querySelectorAll('blockquote[data-secret=\"'+t.secret+'\"]'),c=new RegExp(\"^https?:$\",\"i\"),i=0;i<o.length;i++)o[i].style.display=\"none\";for(i=0;i<a.length;i++)s=a[i],e.source===s.contentWindow&&(s.removeAttribute(\"style\"),\"height\"===t.message?(1e3<(r=parseInt(t.value,10))?r=1e3:~~r<200&&(r=200),s.height=r):\"link\"===t.message&&(r=new URL(s.getAttribute(\"src\")),n=new URL(t.value),c.test(n.protocol))&&n.host===r.host&&l.activeElement===s&&(d.top.location.href=t.value))}},d.addEventListener(\"message\",d.wp.receiveEmbedMessage,!1),l.addEventListener(\"DOMContentLoaded\",function(){for(var e,t,s=l.querySelectorAll(\"iframe.wp-embedded-content\"),r=0;r<s.length;r++)(t=(e=s[r]).getAttribute(\"data-secret\"))||(t=Math.random().toString(36).substring(2,12),e.src+=\"#?secret=\"+t,e.setAttribute(\"data-secret\",t)),e.contentWindow.postMessage({message:\"ready\",secret:t},\"*\")},!1)))}(window,document);\n\/\/# sourceURL=http:\/\/blog.glutenmenteschef.hu\/wp-includes\/js\/wp-embed.min.js\n\/* ]]> *\/\n<\/script>\n","thumbnail_url":"http:\/\/blog.glutenmenteschef.hu\/wp-content\/uploads\/2017\/06\/t\u00far\u00f3s-\u00e9s-meggyes-pite-3.jpg","thumbnail_width":4298,"thumbnail_height":3456,"description":"Pite \u00e9s Linzerkarika Teff s\u00fctem\u00e9nylisztb\u0151l Linzer t\u00e9szta hozz\u00e1val\u00f3i: 30 dkg TEFF s\u00fctem\u00e9nyliszt 20 dkg vaj 10 dkg cukor 1 db toj\u00e1s A t\u00far\u00f3t\u00f6ltel\u00e9k: A t\u00far\u00f3t lecukrozzuk, majd 20 percig \u00e1llni hagyjuk. Ezut\u00e1n \u00e1tt\u00f6rj\u00fck \u00e9s hozz\u00e1keverj\u00fck a t\u00f6bbi hozz\u00e1val\u00f3t, a van\u00edli\u00e1s cukrot, a citrom \u00e9s narancs reszelt h\u00e9j\u00e1t \u00e9s a burgonyapelyhet. &nbsp; A meggyt\u00f6ltel\u00e9k: A meggyet Read more..."}